{"id":333,"date":"2020-10-05T17:16:53","date_gmt":"2020-10-05T15:16:53","guid":{"rendered":"https:\/\/hc96.com\/?page_id=333"},"modified":"2023-03-01T09:40:29","modified_gmt":"2023-03-01T08:40:29","slug":"melide-a-coruna-galicia","status":"publish","type":"page","link":"https:\/\/hc96.com\/en\/melide-a-coruna-galicia\/","title":{"rendered":"Melide, A Coru\u00f1a &#8211; Galicia"},"content":{"rendered":"\t\t<div data-elementor-type=\"wp-page\" data-elementor-id=\"333\" class=\"elementor elementor-333\" data-elementor-post-type=\"page\">\n\t\t\t\t\t\t<section class=\"elementor-section elementor-top-section elementor-element elementor-element-8a22d7b elementor-section-boxed elementor-section-height-default elementor-section-height-default\" data-id=\"8a22d7b\" data-element_type=\"section\" data-e-type=\"section\">\n\t\t\t\t\t\t<div class=\"elementor-container elementor-column-gap-default\">\n\t\t\t\t\t<div class=\"elementor-column elementor-col-100 elementor-top-column elementor-element elementor-element-44842b7\" data-id=\"44842b7\" data-element_type=\"column\" data-e-type=\"column\">\n\t\t\t<div class=\"elementor-widget-wrap elementor-element-populated\">\n\t\t\t\t\t\t<div class=\"elementor-element elementor-element-c2dff0b elementor-hidden-tablet elementor-hidden-phone elementor-widget elementor-widget-shortcode\" data-id=\"c2dff0b\" data-element_type=\"widget\" data-e-type=\"widget\" data-widget_type=\"shortcode.default\">\n\t\t\t\t<div class=\"elementor-widget-container\">\n\t\t\t\t\t\t\t<div class=\"elementor-shortcode\">[av_calendar id=1]<\/div>\n\t\t\t\t\t\t<\/div>\n\t\t\t\t<\/div>\n\t\t\t\t\t<\/div>\n\t\t<\/div>\n\t\t\t\t\t<\/div>\n\t\t<\/section>\n\t\t\t\t<section class=\"elementor-section elementor-top-section elementor-element elementor-element-0c06ed9 elementor-section-full_width elementor-section-height-default elementor-section-height-default\" data-id=\"0c06ed9\" data-element_type=\"section\" data-e-type=\"section\">\n\t\t\t\t\t\t<div class=\"elementor-container elementor-column-gap-no\">\n\t\t\t\t\t<div class=\"elementor-column elementor-col-50 elementor-top-column elementor-element elementor-element-d284740\" data-id=\"d284740\" data-element_type=\"column\" data-e-type=\"column\" data-settings=\"{&quot;background_background&quot;:&quot;classic&quot;}\">\n\t\t\t<div class=\"elementor-widget-wrap elementor-element-populated\">\n\t\t\t\t\t\t<div class=\"elementor-element elementor-element-2ed25a4 elementor-widget elementor-widget-heading\" data-id=\"2ed25a4\" data-element_type=\"widget\" data-e-type=\"widget\" data-widget_type=\"heading.default\">\n\t\t\t\t<div class=\"elementor-widget-container\">\n\t\t\t\t\t<h1 class=\"elementor-heading-title elementor-size-default\">MELIDE, A CORU\u00d1A<\/h1>\t\t\t\t<\/div>\n\t\t\t\t<\/div>\n\t\t\t\t<div class=\"elementor-element elementor-element-5e9ccba elementor-widget elementor-widget-heading\" data-id=\"5e9ccba\" data-element_type=\"widget\" data-e-type=\"widget\" data-widget_type=\"heading.default\">\n\t\t\t\t<div class=\"elementor-widget-container\">\n\t\t\t\t\t<h3 class=\"elementor-heading-title elementor-size-default\">Much to see<\/h3>\t\t\t\t<\/div>\n\t\t\t\t<\/div>\n\t\t\t\t<div class=\"elementor-element elementor-element-2901a24 elementor-widget elementor-widget-text-editor\" data-id=\"2901a24\" data-element_type=\"widget\" data-e-type=\"widget\" data-widget_type=\"text-editor.default\">\n\t\t\t\t<div class=\"elementor-widget-container\">\n\t\t\t\t\t\t\t\t\t<div class=\"wpb_text_column wpb_content_element \"><div class=\"wpb_wrapper\"><p>Emblematic monuments such as our <strong>Cruceiro<\/strong> (considered the oldest in Galicia), or the <strong>Menhir del Casal<\/strong> (one of the largest preserved in Galicia).<\/p><p>The <strong>town of Melide<\/strong> stands out for the elaboration of artisan sweets with a deep tradition: \u00a0<strong>Ricos, Melindres and Almendrados<\/strong>, three sweets made by hand with natural products.<\/p><\/div><p><em>-The photos of Melide were provided by Abeancos.gal and Turismo Melide.<\/em><br \/><em>-The texts and documentation were provided by the Museum of Terra de Melide.<\/em><\/p><\/div>\t\t\t\t\t\t\t\t<\/div>\n\t\t\t\t<\/div>\n\t\t\t\t\t<\/div>\n\t\t<\/div>\n\t\t\t\t<div class=\"elementor-column elementor-col-50 elementor-top-column elementor-element elementor-element-2e4dd2d\" data-id=\"2e4dd2d\" data-element_type=\"column\" data-e-type=\"column\">\n\t\t\t<div class=\"elementor-widget-wrap elementor-element-populated\">\n\t\t\t\t\t\t<div class=\"elementor-element elementor-element-efc975a elementor-widget elementor-widget-image\" data-id=\"efc975a\" data-element_type=\"widget\" data-e-type=\"widget\" data-widget_type=\"image.default\">\n\t\t\t\t<div class=\"elementor-widget-container\">\n\t\t\t\t\t\t\t\t\t\t\t\t\t\t\t<img fetchpriority=\"high\" decoding=\"async\" width=\"800\" height=\"534\" src=\"https:\/\/hc96.com\/en\/wp-content\/uploads\/sites\/4\/melide-vista-castelo-1024x683.jpg\" class=\"attachment-large size-large wp-image-285\" alt=\"Vista Catelo en Melide, A Coru\u00f1a\" srcset=\"https:\/\/hc96.com\/en\/wp-content\/uploads\/sites\/4\/melide-vista-castelo-1024x683.jpg 1024w, https:\/\/hc96.com\/en\/wp-content\/uploads\/sites\/4\/melide-vista-castelo-300x200.jpg 300w, https:\/\/hc96.com\/en\/wp-content\/uploads\/sites\/4\/melide-vista-castelo-768x512.jpg 768w, https:\/\/hc96.com\/en\/wp-content\/uploads\/sites\/4\/melide-vista-castelo-1536x1025.jpg 1536w, https:\/\/hc96.com\/en\/wp-content\/uploads\/sites\/4\/melide-vista-castelo.jpg 1919w\" sizes=\"(max-width: 800px) 100vw, 800px\" \/>\t\t\t\t\t\t\t\t\t\t\t\t\t\t\t<\/div>\n\t\t\t\t<\/div>\n\t\t\t\t\t<\/div>\n\t\t<\/div>\n\t\t\t\t\t<\/div>\n\t\t<\/section>\n\t\t\t\t<section class=\"elementor-section elementor-top-section elementor-element elementor-element-d5e3cf7 elementor-section-full_width elementor-reverse-tablet elementor-reverse-mobile elementor-section-height-default elementor-section-height-default\" data-id=\"d5e3cf7\" data-element_type=\"section\" data-e-type=\"section\">\n\t\t\t\t\t\t<div class=\"elementor-container elementor-column-gap-no\">\n\t\t\t\t\t<div class=\"elementor-column elementor-col-50 elementor-top-column elementor-element elementor-element-ea9cee3\" data-id=\"ea9cee3\" data-element_type=\"column\" data-e-type=\"column\" data-settings=\"{&quot;background_background&quot;:&quot;classic&quot;}\">\n\t\t\t<div class=\"elementor-widget-wrap elementor-element-populated\">\n\t\t\t\t\t\t\t<\/div>\n\t\t<\/div>\n\t\t\t\t<div class=\"elementor-column elementor-col-50 elementor-top-column elementor-element elementor-element-3f03c7a\" data-id=\"3f03c7a\" data-element_type=\"column\" data-e-type=\"column\" data-settings=\"{&quot;background_background&quot;:&quot;classic&quot;}\">\n\t\t\t<div class=\"elementor-widget-wrap elementor-element-populated\">\n\t\t\t\t\t\t<div class=\"elementor-element elementor-element-f5f9e23 elementor-widget elementor-widget-heading\" data-id=\"f5f9e23\" data-element_type=\"widget\" data-e-type=\"widget\" data-widget_type=\"heading.default\">\n\t\t\t\t<div class=\"elementor-widget-container\">\n\t\t\t\t\t<h3 class=\"elementor-heading-title elementor-size-default\">Old part of Town<\/h3>\t\t\t\t<\/div>\n\t\t\t\t<\/div>\n\t\t\t\t<div class=\"elementor-element elementor-element-960b300 elementor-widget elementor-widget-text-editor\" data-id=\"960b300\" data-element_type=\"widget\" data-e-type=\"widget\" data-widget_type=\"text-editor.default\">\n\t\t\t\t<div class=\"elementor-widget-container\">\n\t\t\t\t\t\t\t\t\t<div class=\"nectar-animated-title completed\" data-style=\"color-strip-reveal\" data-color=\"extra-color-2\"><div class=\"nectar-animated-title-outer\"><div class=\"nectar-animated-title-inner\"><div class=\"wrap\"><p>The configuration of the <strong>Casco or \u201cBurgo vello\u201d of Melide<\/strong> responds to a medieval layout, of a town structured around a long main street, between <span style=\"font-size: 16px;\">O <\/span><strong>\u201cCastelo\u201d<\/strong> and the old <strong>Parish Church of San Pedro<\/strong> (now destroyed).<\/p><\/div><\/div><\/div><\/div><div class=\"wpb_text_column wpb_content_element vc_custom_1519311058792\"><div class=\"wpb_wrapper\"><p>This old and historic street acted as the backbone of <strong>Melide<\/strong> in the late medieval and Modern Age centuries, which is why the main public buildings, collected in documentary sources, were located on it: <strong>Casa das Balan\u00e7as<\/strong> where weights and measures were regulated, <strong>Casa de la Sal or Alfol\u00ed, Casa del Estanco del Vino, Casa del Pichel Verde<\/strong> (which could be a tavern, wine store or workshop to make pitchers or measures to take out the wine), Casa da Carnecer\u00eda where meat was dispatched, Casa de Romay y Mes\u00f3n in which the sculptor Francisco de Castro Canseco had his workshop, the Mes\u00f3n Grande and a Cassa del Templo (owned by the Order of the Temple), in addition to the old San Pedro Hospital, documented in 1205.<\/p><\/div><\/div><div class=\"wpb_text_column wpb_content_element vc_custom_1519311030963\"><div class=\"wpb_wrapper\"><p>During the Middle Ages, the town was surrounded by a stone fence in which six doors opened, none of these elements being preserved today, only the configuration of the streets, some of them narrow and intricate as is typical of the old center of town with medieval origin.<\/p><\/div><\/div>\t\t\t\t\t\t\t\t<\/div>\n\t\t\t\t<\/div>\n\t\t\t\t\t<\/div>\n\t\t<\/div>\n\t\t\t\t\t<\/div>\n\t\t<\/section>\n\t\t\t\t<section class=\"elementor-section elementor-top-section elementor-element elementor-element-cc3857c elementor-section-boxed elementor-section-height-default elementor-section-height-default\" data-id=\"cc3857c\" data-element_type=\"section\" data-e-type=\"section\">\n\t\t\t\t\t\t<div class=\"elementor-container elementor-column-gap-default\">\n\t\t\t\t\t<div class=\"elementor-column elementor-col-50 elementor-top-column elementor-element elementor-element-d22e349\" data-id=\"d22e349\" data-element_type=\"column\" data-e-type=\"column\">\n\t\t\t<div class=\"elementor-widget-wrap elementor-element-populated\">\n\t\t\t\t\t\t<div class=\"elementor-element elementor-element-96616e7 elementor-widget elementor-widget-heading\" data-id=\"96616e7\" data-element_type=\"widget\" data-e-type=\"widget\" data-widget_type=\"heading.default\">\n\t\t\t\t<div class=\"elementor-widget-container\">\n\t\t\t\t\t<h2 class=\"elementor-heading-title elementor-size-default\">What is Melide?<\/h2>\t\t\t\t<\/div>\n\t\t\t\t<\/div>\n\t\t\t\t<div class=\"elementor-element elementor-element-4891b7b elementor-widget elementor-widget-image\" data-id=\"4891b7b\" data-element_type=\"widget\" data-e-type=\"widget\" data-widget_type=\"image.default\">\n\t\t\t\t<div class=\"elementor-widget-container\">\n\t\t\t\t\t\t\t\t\t\t\t\t\t\t\t<img decoding=\"async\" width=\"800\" height=\"534\" src=\"https:\/\/hc96.com\/en\/wp-content\/uploads\/sites\/4\/melide-iglesia-convento-santispiritus-1024x683.jpg\" class=\"attachment-large size-large wp-image-281\" alt=\"Iglesia convento santispiritus en Melide, A Coru\u00f1a\" srcset=\"https:\/\/hc96.com\/en\/wp-content\/uploads\/sites\/4\/melide-iglesia-convento-santispiritus-1024x683.jpg 1024w, https:\/\/hc96.com\/en\/wp-content\/uploads\/sites\/4\/melide-iglesia-convento-santispiritus-300x200.jpg 300w, https:\/\/hc96.com\/en\/wp-content\/uploads\/sites\/4\/melide-iglesia-convento-santispiritus-768x512.jpg 768w, https:\/\/hc96.com\/en\/wp-content\/uploads\/sites\/4\/melide-iglesia-convento-santispiritus-1536x1025.jpg 1536w, https:\/\/hc96.com\/en\/wp-content\/uploads\/sites\/4\/melide-iglesia-convento-santispiritus.jpg 1919w\" sizes=\"(max-width: 800px) 100vw, 800px\" \/>\t\t\t\t\t\t\t\t\t\t\t\t\t\t\t<\/div>\n\t\t\t\t<\/div>\n\t\t\t\t<div class=\"elementor-element elementor-element-1ed5349 elementor-widget__width-initial elementor-widget elementor-widget-heading\" data-id=\"1ed5349\" data-element_type=\"widget\" data-e-type=\"widget\" data-widget_type=\"heading.default\">\n\t\t\t\t<div class=\"elementor-widget-container\">\n\t\t\t\t\t<h6 class=\"elementor-heading-title elementor-size-default\">PARISH CHURCH OF MELIDE\/OLD CONVENT OF SANCTI SP\u00cdRITUS<\/h6>\t\t\t\t<\/div>\n\t\t\t\t<\/div>\n\t\t\t\t<div class=\"elementor-element elementor-element-70a1636 elementor-widget elementor-widget-text-editor\" data-id=\"70a1636\" data-element_type=\"widget\" data-e-type=\"widget\" data-widget_type=\"text-editor.default\">\n\t\t\t\t<div class=\"elementor-widget-container\">\n\t\t\t\t\t\t\t\t\t<p>This monumental church is the only remaining vestige of the former <strong>Convent of Sancti Spiritus of the Franciscan Third Order.<\/strong> The <strong>Chapel of Santo Cristo<\/strong> (14th century), the <strong>Main Chapel<\/strong> (15th century) stands out; <strong>Baroque<\/strong> altarpiece by Francisco de <strong>Castro Canseco<\/strong> (17th century); nave, tower, lateral altarpieces and organ (18th century). It is currently the parish church of Melide since 1842.<\/p>\t\t\t\t\t\t\t\t<\/div>\n\t\t\t\t<\/div>\n\t\t\t\t<div class=\"elementor-element elementor-element-77a320d elementor-align-center elementor-widget elementor-widget-button\" data-id=\"77a320d\" data-element_type=\"widget\" data-e-type=\"widget\" data-widget_type=\"button.default\">\n\t\t\t\t<div class=\"elementor-widget-container\">\n\t\t\t\t\t\t\t\t\t<div class=\"elementor-button-wrapper\">\n\t\t\t\t\t<a class=\"elementor-button elementor-button-link elementor-size-sm\" href=\"https:\/\/www.google.com\/maps\/dir\/Hotel+Restaurante+Carlos+96,+Av.+Lugo,+119,+15800+Melide,+A+Coru%C3%B1a\/Obra+pia+de+san+anton,+Praza+do+Convento,+Mellid\/@42.9137267,-8.0151794,16z\/data=!3m1!4b1!4m14!4m13!1m5!1m1!1s0xd2e33229c870aa5:0x6c448512eedf8cad!2m2!1d-8.005112!2d42.912411!1m5!1m1!1s0xd2e332d2d5c70ef:0xbe9d70b1a849e480!2m2!1d-8.0165135!2d42.9151634!3e0\" target=\"_blank\">\n\t\t\t\t\t\t<span class=\"elementor-button-content-wrapper\">\n\t\t\t\t\t\t\t\t\t<span class=\"elementor-button-text\">How to come<\/span>\n\t\t\t\t\t<\/span>\n\t\t\t\t\t<\/a>\n\t\t\t\t<\/div>\n\t\t\t\t\t\t\t\t<\/div>\n\t\t\t\t<\/div>\n\t\t\t\t<div class=\"elementor-element elementor-element-bbaf3be elementor-widget elementor-widget-image\" data-id=\"bbaf3be\" data-element_type=\"widget\" data-e-type=\"widget\" data-widget_type=\"image.default\">\n\t\t\t\t<div class=\"elementor-widget-container\">\n\t\t\t\t\t\t\t\t\t\t\t\t\t\t\t<img decoding=\"async\" width=\"800\" height=\"534\" src=\"https:\/\/hc96.com\/en\/wp-content\/uploads\/sites\/4\/melide-obra-pia-sanantonio-y-ayuntamiento-de-melide-1024x683.jpg\" class=\"attachment-large size-large wp-image-284\" alt=\"Obra pia sanatorio y ayuntamiento de Melide\" srcset=\"https:\/\/hc96.com\/en\/wp-content\/uploads\/sites\/4\/melide-obra-pia-sanantonio-y-ayuntamiento-de-melide-1024x683.jpg 1024w, https:\/\/hc96.com\/en\/wp-content\/uploads\/sites\/4\/melide-obra-pia-sanantonio-y-ayuntamiento-de-melide-300x200.jpg 300w, https:\/\/hc96.com\/en\/wp-content\/uploads\/sites\/4\/melide-obra-pia-sanantonio-y-ayuntamiento-de-melide-768x512.jpg 768w, https:\/\/hc96.com\/en\/wp-content\/uploads\/sites\/4\/melide-obra-pia-sanantonio-y-ayuntamiento-de-melide-1536x1024.jpg 1536w, https:\/\/hc96.com\/en\/wp-content\/uploads\/sites\/4\/melide-obra-pia-sanantonio-y-ayuntamiento-de-melide.jpg 1920w\" sizes=\"(max-width: 800px) 100vw, 800px\" \/>\t\t\t\t\t\t\t\t\t\t\t\t\t\t\t<\/div>\n\t\t\t\t<\/div>\n\t\t\t\t<div class=\"elementor-element elementor-element-9eb9771 elementor-widget__width-initial elementor-widget elementor-widget-heading\" data-id=\"9eb9771\" data-element_type=\"widget\" data-e-type=\"widget\" data-widget_type=\"heading.default\">\n\t\t\t\t<div class=\"elementor-widget-container\">\n\t\t\t\t\t<h6 class=\"elementor-heading-title elementor-size-default\">THE WORK OF PIA SAN ANTONO <\/h6>\t\t\t\t<\/div>\n\t\t\t\t<\/div>\n\t\t\t\t<div class=\"elementor-element elementor-element-24d118c elementor-widget elementor-widget-text-editor\" data-id=\"24d118c\" data-element_type=\"widget\" data-e-type=\"widget\" data-widget_type=\"text-editor.default\">\n\t\t\t\t<div class=\"elementor-widget-container\">\n\t\t\t\t\t\t\t\t\t<p>A 17th century building ordered to be built by Archbishop Don <strong>Mateo Segade Bugueiro<\/strong> as Obra P\u00eda or charitable institution (school for teaching poor children). The design of the work is attributed to Domingo de Andrade. The <strong>Chapel of San Ant\u00f3n<\/strong>, open to worship and the facade of the manor house, where the Melide town hall is currently located, are preserved.<\/p>\t\t\t\t\t\t\t\t<\/div>\n\t\t\t\t<\/div>\n\t\t\t\t<div class=\"elementor-element elementor-element-0a947dc elementor-align-center elementor-widget elementor-widget-button\" data-id=\"0a947dc\" data-element_type=\"widget\" data-e-type=\"widget\" data-widget_type=\"button.default\">\n\t\t\t\t<div class=\"elementor-widget-container\">\n\t\t\t\t\t\t\t\t\t<div class=\"elementor-button-wrapper\">\n\t\t\t\t\t<a class=\"elementor-button elementor-button-link elementor-size-sm\" href=\"https:\/\/www.google.com\/maps\/dir\/Hotel+Restaurante+Carlos+96,+Av.+Lugo,+119,+15800+Melide,+A+Coru%C3%B1a\/Obra+pia+de+san+anton,+Praza+do+Convento,+Mellid\/@42.9137267,-8.0151794,16z\/data=!3m1!4b1!4m14!4m13!1m5!1m1!1s0xd2e33229c870aa5:0x6c448512eedf8cad!2m2!1d-8.005112!2d42.912411!1m5!1m1!1s0xd2e332d2d5c70ef:0xbe9d70b1a849e480!2m2!1d-8.0165135!2d42.9151634!3e0\" target=\"_blank\">\n\t\t\t\t\t\t<span class=\"elementor-button-content-wrapper\">\n\t\t\t\t\t\t\t\t\t<span class=\"elementor-button-text\">How to come<\/span>\n\t\t\t\t\t<\/span>\n\t\t\t\t\t<\/a>\n\t\t\t\t<\/div>\n\t\t\t\t\t\t\t\t<\/div>\n\t\t\t\t<\/div>\n\t\t\t\t<div class=\"elementor-element elementor-element-cf4cffd elementor-widget elementor-widget-image\" data-id=\"cf4cffd\" data-element_type=\"widget\" data-e-type=\"widget\" data-widget_type=\"image.default\">\n\t\t\t\t<div class=\"elementor-widget-container\">\n\t\t\t\t\t\t\t\t\t\t\t\t\t\t\t<img fetchpriority=\"high\" decoding=\"async\" width=\"800\" height=\"534\" src=\"https:\/\/hc96.com\/en\/wp-content\/uploads\/sites\/4\/melide-vista-castelo-1024x683.jpg\" class=\"attachment-large size-large wp-image-285\" alt=\"Vista Catelo en Melide, A Coru\u00f1a\" srcset=\"https:\/\/hc96.com\/en\/wp-content\/uploads\/sites\/4\/melide-vista-castelo-1024x683.jpg 1024w, https:\/\/hc96.com\/en\/wp-content\/uploads\/sites\/4\/melide-vista-castelo-300x200.jpg 300w, https:\/\/hc96.com\/en\/wp-content\/uploads\/sites\/4\/melide-vista-castelo-768x512.jpg 768w, https:\/\/hc96.com\/en\/wp-content\/uploads\/sites\/4\/melide-vista-castelo-1536x1025.jpg 1536w, https:\/\/hc96.com\/en\/wp-content\/uploads\/sites\/4\/melide-vista-castelo.jpg 1919w\" sizes=\"(max-width: 800px) 100vw, 800px\" \/>\t\t\t\t\t\t\t\t\t\t\t\t\t\t\t<\/div>\n\t\t\t\t<\/div>\n\t\t\t\t<div class=\"elementor-element elementor-element-63fc369 elementor-widget elementor-widget-heading\" data-id=\"63fc369\" data-element_type=\"widget\" data-e-type=\"widget\" data-widget_type=\"heading.default\">\n\t\t\t\t<div class=\"elementor-widget-container\">\n\t\t\t\t\t<h6 class=\"elementor-heading-title elementor-size-default\">O CASTELO<\/h6>\t\t\t\t<\/div>\n\t\t\t\t<\/div>\n\t\t\t\t<div class=\"elementor-element elementor-element-bd30867 elementor-widget elementor-widget-text-editor\" data-id=\"bd30867\" data-element_type=\"widget\" data-e-type=\"widget\" data-widget_type=\"text-editor.default\">\n\t\t\t\t<div class=\"elementor-widget-container\">\n\t\t\t\t\t\t\t\t\t<p>Built in the 14th century on an old Iron Age settlement, it was destroyed in the <strong>Irmandi\u00f1a Revolution<\/strong> <strong>in the 15th century<\/strong>. It was the main <strong>fortress of the Mitra Compostela<\/strong>. Currently nothing of the old fortification is preserved, even so the area where it was located, currently a park where the <strong>Capilla del Carmen<\/strong> (18th century) and the municipal cemetery are located, retains the name of O Castelo.<\/p>\t\t\t\t\t\t\t\t<\/div>\n\t\t\t\t<\/div>\n\t\t\t\t<div class=\"elementor-element elementor-element-2b5c374 elementor-align-center elementor-widget elementor-widget-button\" data-id=\"2b5c374\" data-element_type=\"widget\" data-e-type=\"widget\" data-widget_type=\"button.default\">\n\t\t\t\t<div class=\"elementor-widget-container\">\n\t\t\t\t\t\t\t\t\t<div class=\"elementor-button-wrapper\">\n\t\t\t\t\t<a class=\"elementor-button elementor-button-link elementor-size-sm\" href=\"https:\/\/www.google.com\/maps\/dir\/Hotel+Restaurante+Carlos+96,+Av.+Lugo,+119,+15800+Melide,+A+Coru%C3%B1a\/O+Castelo,+R%C3%BAa+Principal,+51,+15800+Melide,+A+Coru%C3%B1a\/@42.9132285,-8.0161602,16z\/data=!3m1!4b1!4m14!4m13!1m5!1m1!1s0xd2e33229c870aa5:0x6c448512eedf8cad!2m2!1d-8.005112!2d42.912411!1m5!1m1!1s0xd2e3316037167ab:0xd8603e126499b6ea!2m2!1d-8.0183763!2d42.9136344!3e0\" target=\"_blank\">\n\t\t\t\t\t\t<span class=\"elementor-button-content-wrapper\">\n\t\t\t\t\t\t\t\t\t<span class=\"elementor-button-text\">How to come<\/span>\n\t\t\t\t\t<\/span>\n\t\t\t\t\t<\/a>\n\t\t\t\t<\/div>\n\t\t\t\t\t\t\t\t<\/div>\n\t\t\t\t<\/div>\n\t\t\t\t<div class=\"elementor-element elementor-element-2dbc7bb elementor-widget elementor-widget-image\" data-id=\"2dbc7bb\" data-element_type=\"widget\" data-e-type=\"widget\" data-widget_type=\"image.default\">\n\t\t\t\t<div class=\"elementor-widget-container\">\n\t\t\t\t\t\t\t\t\t\t\t\t\t\t\t<img loading=\"lazy\" decoding=\"async\" width=\"800\" height=\"450\" src=\"https:\/\/hc96.com\/en\/wp-content\/uploads\/sites\/4\/melide-capilla-del-carmen-1024x576.jpg\" class=\"attachment-large size-large wp-image-279\" alt=\"Capilla del Carmen en Melide\" srcset=\"https:\/\/hc96.com\/en\/wp-content\/uploads\/sites\/4\/melide-capilla-del-carmen-1024x576.jpg 1024w, https:\/\/hc96.com\/en\/wp-content\/uploads\/sites\/4\/melide-capilla-del-carmen-300x169.jpg 300w, https:\/\/hc96.com\/en\/wp-content\/uploads\/sites\/4\/melide-capilla-del-carmen-768x432.jpg 768w, https:\/\/hc96.com\/en\/wp-content\/uploads\/sites\/4\/melide-capilla-del-carmen-1536x864.jpg 1536w, https:\/\/hc96.com\/en\/wp-content\/uploads\/sites\/4\/melide-capilla-del-carmen.jpg 1920w\" sizes=\"(max-width: 800px) 100vw, 800px\" \/>\t\t\t\t\t\t\t\t\t\t\t\t\t\t\t<\/div>\n\t\t\t\t<\/div>\n\t\t\t\t<div class=\"elementor-element elementor-element-2e0faf4 elementor-widget elementor-widget-heading\" data-id=\"2e0faf4\" data-element_type=\"widget\" data-e-type=\"widget\" data-widget_type=\"heading.default\">\n\t\t\t\t<div class=\"elementor-widget-container\">\n\t\t\t\t\t<h6 class=\"elementor-heading-title elementor-size-default\">THE CHAPEL OF EL CARMEN<\/h6>\t\t\t\t<\/div>\n\t\t\t\t<\/div>\n\t\t\t\t<div class=\"elementor-element elementor-element-200f97b elementor-widget elementor-widget-text-editor\" data-id=\"200f97b\" data-element_type=\"widget\" data-e-type=\"widget\" data-widget_type=\"text-editor.default\">\n\t\t\t\t<div class=\"elementor-widget-container\">\n\t\t\t\t\t\t\t\t\t<p>It is located at the highest point of the <strong>town of Melide,<\/strong> in the area known as <strong>O Castelo.<\/strong><\/p><p>The temple represents a characteristic example of Baroque architecture in the Compostela style, from the middle of the 18th century. Above the door there is a broken triangular pediment, in the center of which you can see the stone image of the <strong>Virgen del Carmen<\/strong> with the Child in her arms, and at her feet there is an image of <strong>San Sim\u00f3n<\/strong> kneeling. Inside, the Baroque-style altarpiece stands out.<\/p>\t\t\t\t\t\t\t\t<\/div>\n\t\t\t\t<\/div>\n\t\t\t\t<div class=\"elementor-element elementor-element-82d9b63 elementor-align-center elementor-widget elementor-widget-button\" data-id=\"82d9b63\" data-element_type=\"widget\" data-e-type=\"widget\" data-widget_type=\"button.default\">\n\t\t\t\t<div class=\"elementor-widget-container\">\n\t\t\t\t\t\t\t\t\t<div class=\"elementor-button-wrapper\">\n\t\t\t\t\t<a class=\"elementor-button elementor-button-link elementor-size-sm\" href=\"https:\/\/www.google.com\/maps\/dir\/Hotel+Restaurante+Carlos+96,+Av.+Lugo,+119,+15800+Melide,+A+Coru%C3%B1a\/Capela+do+Carme,+15800+Melide,+A+Coru%C3%B1a\/@42.9132285,-8.0163613,16z\/data=!3m1!4b1!4m14!4m13!1m5!1m1!1s0xd2e33229c870aa5:0x6c448512eedf8cad!2m2!1d-8.005112!2d42.912411!1m5!1m1!1s0xd2e3316037ddeff:0x6b9e6ab2df5bc489!2m2!1d-8.0187759!2d42.9135202!3e0\" target=\"_blank\">\n\t\t\t\t\t\t<span class=\"elementor-button-content-wrapper\">\n\t\t\t\t\t\t\t\t\t<span class=\"elementor-button-text\">How to come<\/span>\n\t\t\t\t\t<\/span>\n\t\t\t\t\t<\/a>\n\t\t\t\t<\/div>\n\t\t\t\t\t\t\t\t<\/div>\n\t\t\t\t<\/div>\n\t\t\t\t<div class=\"elementor-element elementor-element-c689046 elementor-widget elementor-widget-image\" data-id=\"c689046\" data-element_type=\"widget\" data-e-type=\"widget\" data-widget_type=\"image.default\">\n\t\t\t\t<div class=\"elementor-widget-container\">\n\t\t\t\t\t\t\t\t\t\t\t\t\t\t\t<img loading=\"lazy\" decoding=\"async\" width=\"800\" height=\"534\" src=\"https:\/\/hc96.com\/en\/wp-content\/uploads\/sites\/4\/melide-crucero-mas-antiguo-1024x683.jpg\" class=\"attachment-large size-large wp-image-280\" alt=\"Crucero m\u00e1s antiguo de Melide\" srcset=\"https:\/\/hc96.com\/en\/wp-content\/uploads\/sites\/4\/melide-crucero-mas-antiguo-1024x683.jpg 1024w, https:\/\/hc96.com\/en\/wp-content\/uploads\/sites\/4\/melide-crucero-mas-antiguo-300x200.jpg 300w, https:\/\/hc96.com\/en\/wp-content\/uploads\/sites\/4\/melide-crucero-mas-antiguo-768x512.jpg 768w, https:\/\/hc96.com\/en\/wp-content\/uploads\/sites\/4\/melide-crucero-mas-antiguo-1536x1024.jpg 1536w, https:\/\/hc96.com\/en\/wp-content\/uploads\/sites\/4\/melide-crucero-mas-antiguo.jpg 1920w\" sizes=\"(max-width: 800px) 100vw, 800px\" \/>\t\t\t\t\t\t\t\t\t\t\t\t\t\t\t<\/div>\n\t\t\t\t<\/div>\n\t\t\t\t<div class=\"elementor-element elementor-element-6e4c345 elementor-widget__width-initial elementor-widget elementor-widget-heading\" data-id=\"6e4c345\" data-element_type=\"widget\" data-e-type=\"widget\" data-widget_type=\"heading.default\">\n\t\t\t\t<div class=\"elementor-widget-container\">\n\t\t\t\t\t<h6 class=\"elementor-heading-title elementor-size-default\">CRUCEIRO OF MELIDE<\/h6>\t\t\t\t<\/div>\n\t\t\t\t<\/div>\n\t\t\t\t<div class=\"elementor-element elementor-element-dceb9cf elementor-widget elementor-widget-text-editor\" data-id=\"dceb9cf\" data-element_type=\"widget\" data-e-type=\"widget\" data-widget_type=\"text-editor.default\">\n\t\t\t\t<div class=\"elementor-widget-container\">\n\t\t\t\t\t\t\t\t\t<p>Considered by Castelao <strong>to be the oldest stone cross in Galicia<\/strong>, which gives it special relevance. It can be dated to the 14th century. The cross represents Christ in majesty resurrected on the obverse (with representation patterns typical of the Romanesque). And on the reverse there is a Calvary already in the Gothic style.<\/p>\t\t\t\t\t\t\t\t<\/div>\n\t\t\t\t<\/div>\n\t\t\t\t<div class=\"elementor-element elementor-element-0dac0c2 elementor-align-center elementor-widget elementor-widget-button\" data-id=\"0dac0c2\" data-element_type=\"widget\" data-e-type=\"widget\" data-widget_type=\"button.default\">\n\t\t\t\t<div class=\"elementor-widget-container\">\n\t\t\t\t\t\t\t\t\t<div class=\"elementor-button-wrapper\">\n\t\t\t\t\t<a class=\"elementor-button elementor-button-link elementor-size-sm\" href=\"https:\/\/www.google.com\/maps\/dir\/Hotel+Restaurante+Carlos+96,+Av.+Lugo,+119,+15800+Melide,+A+Coru%C3%B1a\/Cruceiro+de+Melide,+38,+R%C3%BAa+Cant%C3%B3n+San+Roque,+36,+15800+Melide,+A+Coru%C3%B1a\/@42.9129687,-8.0112919,17z\/data=!3m1!4b1!4m14!4m13!1m5!1m1!1s0xd2e33229c870aa5:0x6c448512eedf8cad!2m2!1d-8.005112!2d42.912411!1m5!1m1!1s0xd2e33180811e9dd:0xc70c6ce97697f4b3!2m2!1d-8.0130797!2d42.9137262!3e0\" target=\"_blank\">\n\t\t\t\t\t\t<span class=\"elementor-button-content-wrapper\">\n\t\t\t\t\t\t\t\t\t<span class=\"elementor-button-text\">How to come<\/span>\n\t\t\t\t\t<\/span>\n\t\t\t\t\t<\/a>\n\t\t\t\t<\/div>\n\t\t\t\t\t\t\t\t<\/div>\n\t\t\t\t<\/div>\n\t\t\t\t<div class=\"elementor-element elementor-element-e9c3bd8 elementor-widget elementor-widget-image\" data-id=\"e9c3bd8\" data-element_type=\"widget\" data-e-type=\"widget\" data-widget_type=\"image.default\">\n\t\t\t\t<div class=\"elementor-widget-container\">\n\t\t\t\t\t\t\t\t\t\t\t\t\t\t\t<img loading=\"lazy\" decoding=\"async\" width=\"800\" height=\"450\" src=\"https:\/\/hc96.com\/en\/wp-content\/uploads\/sites\/4\/turismo-en-a-coruna-3-1024x576.jpg\" class=\"attachment-large size-large wp-image-278\" alt=\"Turismo en A Coru\u00f1a\" srcset=\"https:\/\/hc96.com\/en\/wp-content\/uploads\/sites\/4\/turismo-en-a-coruna-3-1024x576.jpg 1024w, https:\/\/hc96.com\/en\/wp-content\/uploads\/sites\/4\/turismo-en-a-coruna-3-300x169.jpg 300w, https:\/\/hc96.com\/en\/wp-content\/uploads\/sites\/4\/turismo-en-a-coruna-3-768x432.jpg 768w, https:\/\/hc96.com\/en\/wp-content\/uploads\/sites\/4\/turismo-en-a-coruna-3-1536x864.jpg 1536w, https:\/\/hc96.com\/en\/wp-content\/uploads\/sites\/4\/turismo-en-a-coruna-3.jpg 1920w\" sizes=\"(max-width: 800px) 100vw, 800px\" \/>\t\t\t\t\t\t\t\t\t\t\t\t\t\t\t<\/div>\n\t\t\t\t<\/div>\n\t\t\t\t<div class=\"elementor-element elementor-element-fa842d5 elementor-widget__width-initial elementor-widget elementor-widget-heading\" data-id=\"fa842d5\" data-element_type=\"widget\" data-e-type=\"widget\" data-widget_type=\"heading.default\">\n\t\t\t\t<div class=\"elementor-widget-container\">\n\t\t\t\t\t<h6 class=\"elementor-heading-title elementor-size-default\">THE PORTIC OF THE CHAPEL DE SAN ROQUE<\/h6>\t\t\t\t<\/div>\n\t\t\t\t<\/div>\n\t\t\t\t<div class=\"elementor-element elementor-element-67d26f8 elementor-widget elementor-widget-text-editor\" data-id=\"67d26f8\" data-element_type=\"widget\" data-e-type=\"widget\" data-widget_type=\"text-editor.default\">\n\t\t\t\t<div class=\"elementor-widget-container\">\n\t\t\t\t\t\t\t\t\t<p>Cover dated in the thirteenth century. This is the old north portal of the now defunct parish church of San Pedro de Melide. It is a magnificent example of late Romanesque architecture and sculpture on the Camino de Santiago. Highlights include the cyma on the left where a dragon is represented and one of the zigzag archivolts where scallop shells can be seen.<\/p>\t\t\t\t\t\t\t\t<\/div>\n\t\t\t\t<\/div>\n\t\t\t\t<div class=\"elementor-element elementor-element-8510956 elementor-align-center elementor-widget elementor-widget-button\" data-id=\"8510956\" data-element_type=\"widget\" data-e-type=\"widget\" data-widget_type=\"button.default\">\n\t\t\t\t<div class=\"elementor-widget-container\">\n\t\t\t\t\t\t\t\t\t<div class=\"elementor-button-wrapper\">\n\t\t\t\t\t<a class=\"elementor-button elementor-button-link elementor-size-sm\" href=\"https:\/\/www.google.com\/maps\/dir\/Hotel+Restaurante+Carlos+96,+Av.+Lugo,+119,+15800+Melide,+A+Coru%C3%B1a\/Capela+de+San+Roque,+15800+a,+R%C3%BAa+Cant%C3%B3n+San+Roque,+38,+15800+Melide,+A+Coru%C3%B1a\/@42.9129911,-8.0112208,17z\/data=!3m1!4b1!4m14!4m13!1m5!1m1!1s0xd2e33229c870aa5:0x6c448512eedf8cad!2m2!1d-8.005112!2d42.912411!1m5!1m1!1s0xd2e331809de7e6b:0x373cbc86178b6944!2m2!1d-8.0129403!2d42.9137045!3e0\" target=\"_blank\">\n\t\t\t\t\t\t<span class=\"elementor-button-content-wrapper\">\n\t\t\t\t\t\t\t\t\t<span class=\"elementor-button-text\">How to come<\/span>\n\t\t\t\t\t<\/span>\n\t\t\t\t\t<\/a>\n\t\t\t\t<\/div>\n\t\t\t\t\t\t\t\t<\/div>\n\t\t\t\t<\/div>\n\t\t\t\t<div class=\"elementor-element elementor-element-6f6216e elementor-widget elementor-widget-image\" data-id=\"6f6216e\" data-element_type=\"widget\" data-e-type=\"widget\" data-widget_type=\"image.default\">\n\t\t\t\t<div class=\"elementor-widget-container\">\n\t\t\t\t\t\t\t\t\t\t\t\t\t\t\t<img loading=\"lazy\" decoding=\"async\" width=\"800\" height=\"449\" src=\"https:\/\/hc96.com\/en\/wp-content\/uploads\/sites\/4\/fuente-melide.jpg\" class=\"attachment-large size-large wp-image-335\" alt=\"Fuente Melide\" srcset=\"https:\/\/hc96.com\/en\/wp-content\/uploads\/sites\/4\/fuente-melide.jpg 980w, https:\/\/hc96.com\/en\/wp-content\/uploads\/sites\/4\/fuente-melide-300x168.jpg 300w, https:\/\/hc96.com\/en\/wp-content\/uploads\/sites\/4\/fuente-melide-768x431.jpg 768w\" sizes=\"(max-width: 800px) 100vw, 800px\" \/>\t\t\t\t\t\t\t\t\t\t\t\t\t\t\t<\/div>\n\t\t\t\t<\/div>\n\t\t\t\t<div class=\"elementor-element elementor-element-c5340e2 elementor-widget__width-initial elementor-widget elementor-widget-heading\" data-id=\"c5340e2\" data-element_type=\"widget\" data-e-type=\"widget\" data-widget_type=\"heading.default\">\n\t\t\t\t<div class=\"elementor-widget-container\">\n\t\t\t\t\t<h6 class=\"elementor-heading-title elementor-size-default\">THE FOUNTAIN OF THE FOUR SPOUTS <\/h6>\t\t\t\t<\/div>\n\t\t\t\t<\/div>\n\t\t\t\t<div class=\"elementor-element elementor-element-bd6bd05 elementor-widget elementor-widget-text-editor\" data-id=\"bd6bd05\" data-element_type=\"widget\" data-e-type=\"widget\" data-widget_type=\"text-editor.default\">\n\t\t\t\t<div class=\"elementor-widget-container\">\n\t\t\t\t\t\t\t\t\t<p>Baroque style, it may come from one of the cloisters of the Sobrado dos Monxes Monastery. It consists of a large pylon and four large pipes (hence its name), the latter being notable for the water coming out of lions&#8217; heads.<\/p>\t\t\t\t\t\t\t\t<\/div>\n\t\t\t\t<\/div>\n\t\t\t\t<div class=\"elementor-element elementor-element-fc179bb elementor-align-center elementor-widget elementor-widget-button\" data-id=\"fc179bb\" data-element_type=\"widget\" data-e-type=\"widget\" data-widget_type=\"button.default\">\n\t\t\t\t<div class=\"elementor-widget-container\">\n\t\t\t\t\t\t\t\t\t<div class=\"elementor-button-wrapper\">\n\t\t\t\t\t<a class=\"elementor-button elementor-button-link elementor-size-sm\" href=\"https:\/\/www.google.com\/maps\/dir\/Hotel+Restaurante+Carlos+96,+Av.+Lugo,+119,+15800+Melide,+A+Coru%C3%B1a\/Fonte+dos+catro+canos,+15800+Melide,+A+Coru%C3%B1a\/@42.9132383,-8.0144701,16z\/data=!3m1!4b1!4m14!4m13!1m5!1m1!1s0xd2e33229c870aa5:0x6c448512eedf8cad!2m2!1d-8.005112!2d42.912411!1m5!1m1!1s0xd2e33d2176aa5dd:0x19b6dd645bb7f04!2m2!1d-8.0149243!2d42.9139897!3e0\" target=\"_blank\">\n\t\t\t\t\t\t<span class=\"elementor-button-content-wrapper\">\n\t\t\t\t\t\t\t\t\t<span class=\"elementor-button-text\">How to come<\/span>\n\t\t\t\t\t<\/span>\n\t\t\t\t\t<\/a>\n\t\t\t\t<\/div>\n\t\t\t\t\t\t\t\t<\/div>\n\t\t\t\t<\/div>\n\t\t\t\t\t<\/div>\n\t\t<\/div>\n\t\t\t\t<div class=\"elementor-column elementor-col-50 elementor-top-column elementor-element elementor-element-5d27f48\" data-id=\"5d27f48\" data-element_type=\"column\" data-e-type=\"column\">\n\t\t\t<div class=\"elementor-widget-wrap elementor-element-populated\">\n\t\t\t\t\t\t<div class=\"elementor-element elementor-element-559f36f elementor-widget elementor-widget-heading\" data-id=\"559f36f\" data-element_type=\"widget\" data-e-type=\"widget\" data-widget_type=\"heading.default\">\n\t\t\t\t<div class=\"elementor-widget-container\">\n\t\t\t\t\t<h4 class=\"elementor-heading-title elementor-size-default\">What to see in the outskirts?<\/h4>\t\t\t\t<\/div>\n\t\t\t\t<\/div>\n\t\t\t\t<div class=\"elementor-element elementor-element-f1d30f5 elementor-widget elementor-widget-image\" data-id=\"f1d30f5\" data-element_type=\"widget\" data-e-type=\"widget\" data-widget_type=\"image.default\">\n\t\t\t\t<div class=\"elementor-widget-container\">\n\t\t\t\t\t\t\t\t\t\t\t\t\t\t\t<img loading=\"lazy\" decoding=\"async\" width=\"800\" height=\"450\" src=\"https:\/\/hc96.com\/en\/wp-content\/uploads\/sites\/4\/puente-furelos-1024x576.jpg\" class=\"attachment-large size-large wp-image-286\" alt=\"Puente Furelos en Melide, A Coru\u00f1a\" srcset=\"https:\/\/hc96.com\/en\/wp-content\/uploads\/sites\/4\/puente-furelos-1024x576.jpg 1024w, https:\/\/hc96.com\/en\/wp-content\/uploads\/sites\/4\/puente-furelos-300x169.jpg 300w, https:\/\/hc96.com\/en\/wp-content\/uploads\/sites\/4\/puente-furelos-768x432.jpg 768w, https:\/\/hc96.com\/en\/wp-content\/uploads\/sites\/4\/puente-furelos-1536x864.jpg 1536w, https:\/\/hc96.com\/en\/wp-content\/uploads\/sites\/4\/puente-furelos.jpg 1920w\" sizes=\"(max-width: 800px) 100vw, 800px\" \/>\t\t\t\t\t\t\t\t\t\t\t\t\t\t\t<\/div>\n\t\t\t\t<\/div>\n\t\t\t\t<div class=\"elementor-element elementor-element-ab1f2ff elementor-widget__width-initial elementor-widget elementor-widget-heading\" data-id=\"ab1f2ff\" data-element_type=\"widget\" data-e-type=\"widget\" data-widget_type=\"heading.default\">\n\t\t\t\t<div class=\"elementor-widget-container\">\n\t\t\t\t\t<h6 class=\"elementor-heading-title elementor-size-default\">THE BRIDGE OF FURELOS: 800mO <\/h6>\t\t\t\t<\/div>\n\t\t\t\t<\/div>\n\t\t\t\t<div class=\"elementor-element elementor-element-5beac71 elementor-widget elementor-widget-text-editor\" data-id=\"5beac71\" data-element_type=\"widget\" data-e-type=\"widget\" data-widget_type=\"text-editor.default\">\n\t\t\t\t<div class=\"elementor-widget-container\">\n\t\t\t\t\t\t\t\t\t<p>Located in the village of the same name, it is already mentioned in the <strong>12th century Codex Calixtinus<\/strong>. It is made up of four unequal semicircular arches.<\/p><p>Located next to the parish church of San Xo\u00e1n de Furelos, which also preserves some Romanesque elements from the 13th century. The village of Furelos is a nucleus with a high architectural interest.<\/p>\t\t\t\t\t\t\t\t<\/div>\n\t\t\t\t<\/div>\n\t\t\t\t<div class=\"elementor-element elementor-element-d7bc5b4 elementor-align-center elementor-widget elementor-widget-button\" data-id=\"d7bc5b4\" data-element_type=\"widget\" data-e-type=\"widget\" data-widget_type=\"button.default\">\n\t\t\t\t<div class=\"elementor-widget-container\">\n\t\t\t\t\t\t\t\t\t<div class=\"elementor-button-wrapper\">\n\t\t\t\t\t<a class=\"elementor-button elementor-button-link elementor-size-sm\" href=\"https:\/\/www.google.com\/maps\/dir\/Hotel+Restaurante+Carlos+96,+Av.+Lugo,+119,+15800+Melide,+A+Coru%C3%B1a\/PUENTE+DE+SAN+JUAN+DE+%22FURELOS%22,+R%C3%BAa+Furelos,+15809+Furelos,+A+Coru%C3%B1a\/@42.910292,-8.0038098,16z\/data=!3m1!4b1!4m14!4m13!1m5!1m1!1s0xd2e33229c870aa5:0x6c448512eedf8cad!2m2!1d-8.005112!2d42.912411!1m5!1m1!1s0xd2e32d96ad2e14d:0xa58e4a95a11c2294!2m2!1d-7.9987704!2d42.9083295!3e0\" target=\"_blank\">\n\t\t\t\t\t\t<span class=\"elementor-button-content-wrapper\">\n\t\t\t\t\t\t\t\t\t<span class=\"elementor-button-text\">How to come<\/span>\n\t\t\t\t\t<\/span>\n\t\t\t\t\t<\/a>\n\t\t\t\t<\/div>\n\t\t\t\t\t\t\t\t<\/div>\n\t\t\t\t<\/div>\n\t\t\t\t<div class=\"elementor-element elementor-element-b31c64b elementor-widget elementor-widget-image\" data-id=\"b31c64b\" data-element_type=\"widget\" data-e-type=\"widget\" data-widget_type=\"image.default\">\n\t\t\t\t<div class=\"elementor-widget-container\">\n\t\t\t\t\t\t\t\t\t\t\t\t\t\t\t<img loading=\"lazy\" decoding=\"async\" width=\"800\" height=\"450\" src=\"https:\/\/hc96.com\/en\/wp-content\/uploads\/sites\/4\/melide-iglesia-leboreiro-1024x576.jpg\" class=\"attachment-large size-large wp-image-282\" alt=\"Iglesia Leboreiro en Malide\" srcset=\"https:\/\/hc96.com\/en\/wp-content\/uploads\/sites\/4\/melide-iglesia-leboreiro-1024x576.jpg 1024w, https:\/\/hc96.com\/en\/wp-content\/uploads\/sites\/4\/melide-iglesia-leboreiro-300x169.jpg 300w, https:\/\/hc96.com\/en\/wp-content\/uploads\/sites\/4\/melide-iglesia-leboreiro-768x432.jpg 768w, https:\/\/hc96.com\/en\/wp-content\/uploads\/sites\/4\/melide-iglesia-leboreiro-1536x864.jpg 1536w, https:\/\/hc96.com\/en\/wp-content\/uploads\/sites\/4\/melide-iglesia-leboreiro.jpg 1920w\" sizes=\"(max-width: 800px) 100vw, 800px\" \/>\t\t\t\t\t\t\t\t\t\t\t\t\t\t\t<\/div>\n\t\t\t\t<\/div>\n\t\t\t\t<div class=\"elementor-element elementor-element-7be6676 elementor-widget__width-initial elementor-widget elementor-widget-heading\" data-id=\"7be6676\" data-element_type=\"widget\" data-e-type=\"widget\" data-widget_type=\"heading.default\">\n\t\t\t\t<div class=\"elementor-widget-container\">\n\t\t\t\t\t<h6 class=\"elementor-heading-title elementor-size-default\">LEBOREIRO CHURCH: 5.50 KILOMETERSO <\/h6>\t\t\t\t<\/div>\n\t\t\t\t<\/div>\n\t\t\t\t<div class=\"elementor-element elementor-element-726c334 elementor-widget elementor-widget-text-editor\" data-id=\"726c334\" data-element_type=\"widget\" data-e-type=\"widget\" data-widget_type=\"text-editor.default\">\n\t\t\t\t<div class=\"elementor-widget-container\">\n\t\t\t\t\t\t\t\t\t<p>Dated at the end of the 13th century, in a transition style from Romanesque to Gothic. Outside, an Agnus Dei stands out on the headwall as well as the figured corbels of the apse. Inside there is a panel with mural painting from the 16th century. The village of Leboreiro and all its heritage (cruceiro, church, \u00abcabaceiro\u00bb, old <strong>Pilgrim&#8217;s Hospital<\/strong>, bridge and medieval houses), constitute an architectural complex of maximum interest.<\/p>\t\t\t\t\t\t\t\t<\/div>\n\t\t\t\t<\/div>\n\t\t\t\t<div class=\"elementor-element elementor-element-1b4dcd0 elementor-align-center elementor-widget elementor-widget-button\" data-id=\"1b4dcd0\" data-element_type=\"widget\" data-e-type=\"widget\" data-widget_type=\"button.default\">\n\t\t\t\t<div class=\"elementor-widget-container\">\n\t\t\t\t\t\t\t\t\t<div class=\"elementor-button-wrapper\">\n\t\t\t\t\t<a class=\"elementor-button elementor-button-link elementor-size-sm\" href=\"https:\/\/www.google.com\/maps\/dir\/Hotel+Restaurante+Carlos+96,+Av.+Lugo,+119,+15800+Melide,+A+Coru%C3%B1a\/Igrexa+de+Santa+Mar%C3%ADa+de+Leboreiro,+15809+O+Leboreiro,+A+Coru%C3%B1a\/@42.9002155,-8.0024446,14z\/data=!3m1!4b1!4m14!4m13!1m5!1m1!1s0xd2e33229c870aa5:0x6c448512eedf8cad!2m2!1d-8.005112!2d42.912411!1m5!1m1!1s0xd2fcd50a6dd836f:0x7164f70cade728f5!2m2!1d-7.9656863!2d42.8880622!3e0\" target=\"_blank\">\n\t\t\t\t\t\t<span class=\"elementor-button-content-wrapper\">\n\t\t\t\t\t\t\t\t\t<span class=\"elementor-button-text\">How to come<\/span>\n\t\t\t\t\t<\/span>\n\t\t\t\t\t<\/a>\n\t\t\t\t<\/div>\n\t\t\t\t\t\t\t\t<\/div>\n\t\t\t\t<\/div>\n\t\t\t\t<div class=\"elementor-element elementor-element-466f52c elementor-widget elementor-widget-image\" data-id=\"466f52c\" data-element_type=\"widget\" data-e-type=\"widget\" data-widget_type=\"image.default\">\n\t\t\t\t<div class=\"elementor-widget-container\">\n\t\t\t\t\t\t\t\t\t\t\t\t\t\t\t<img loading=\"lazy\" decoding=\"async\" width=\"261\" height=\"193\" src=\"https:\/\/hc96.com\/en\/wp-content\/uploads\/sites\/4\/puente-del-lobreiro.jpg\" class=\"attachment-full size-full wp-image-339\" alt=\"Puente Lobreiro en Melide, A Coru\u00f1a\" \/>\t\t\t\t\t\t\t\t\t\t\t\t\t\t\t<\/div>\n\t\t\t\t<\/div>\n\t\t\t\t<div class=\"elementor-element elementor-element-06ac5d8 elementor-widget elementor-widget-heading\" data-id=\"06ac5d8\" data-element_type=\"widget\" data-e-type=\"widget\" data-widget_type=\"heading.default\">\n\t\t\t\t<div class=\"elementor-widget-container\">\n\t\t\t\t\t<h6 class=\"elementor-heading-title elementor-size-default\">THE BRIDGE OF LEBOREIRO: 5.75 KILOMETERSO <\/h6>\t\t\t\t<\/div>\n\t\t\t\t<\/div>\n\t\t\t\t<div class=\"elementor-element elementor-element-c5e4d24 elementor-widget elementor-widget-text-editor\" data-id=\"c5e4d24\" data-element_type=\"widget\" data-e-type=\"widget\" data-widget_type=\"text-editor.default\">\n\t\t\t\t<div class=\"elementor-widget-container\">\n\t\t\t\t\t\t\t\t\t<p>Of medieval origin located on the <strong>Seco River<\/strong> (tributary of the Ulla). It has a single semicircular arch. This bridge is located on the <strong>itinerary of the French Way.<\/strong><\/p>\t\t\t\t\t\t\t\t<\/div>\n\t\t\t\t<\/div>\n\t\t\t\t<div class=\"elementor-element elementor-element-105fbe5 elementor-align-center elementor-widget elementor-widget-button\" data-id=\"105fbe5\" data-element_type=\"widget\" data-e-type=\"widget\" data-widget_type=\"button.default\">\n\t\t\t\t<div class=\"elementor-widget-container\">\n\t\t\t\t\t\t\t\t\t<div class=\"elementor-button-wrapper\">\n\t\t\t\t\t<a class=\"elementor-button elementor-button-link elementor-size-sm\" href=\"https:\/\/www.google.com\/maps\/dir\/Hotel+Restaurante+Carlos+96,+Av.+Lugo,+119,+15800+Melide,+A+Coru%C3%B1a\/Puente+de+Magdalena,+N-547,+15809,+A+Coru%C3%B1a\/@42.9010407,-8.0036557,14z\/data=!3m1!4b1!4m14!4m13!1m5!1m1!1s0xd2e33229c870aa5:0x6c448512eedf8cad!2m2!1d-8.005112!2d42.912411!1m5!1m1!1s0xd2fcd9cda0e95c9:0x164091f434cc8b36!2m2!1d-7.9671803!2d42.8896775!3e0\" target=\"_blank\">\n\t\t\t\t\t\t<span class=\"elementor-button-content-wrapper\">\n\t\t\t\t\t\t\t\t\t<span class=\"elementor-button-text\">How to come<\/span>\n\t\t\t\t\t<\/span>\n\t\t\t\t\t<\/a>\n\t\t\t\t<\/div>\n\t\t\t\t\t\t\t\t<\/div>\n\t\t\t\t<\/div>\n\t\t\t\t<div class=\"elementor-element elementor-element-ddd94a4 elementor-widget elementor-widget-image\" data-id=\"ddd94a4\" data-element_type=\"widget\" data-e-type=\"widget\" data-widget_type=\"image.default\">\n\t\t\t\t<div class=\"elementor-widget-container\">\n\t\t\t\t\t\t\t\t\t\t\t\t\t\t\t<img loading=\"lazy\" decoding=\"async\" width=\"650\" height=\"366\" src=\"https:\/\/hc96.com\/en\/wp-content\/uploads\/sites\/4\/iglesia-moldes.jpg\" class=\"attachment-large size-large wp-image-338\" alt=\"Iglesia Moldes en Melide, A Coru\u00f1a\" srcset=\"https:\/\/hc96.com\/en\/wp-content\/uploads\/sites\/4\/iglesia-moldes.jpg 650w, https:\/\/hc96.com\/en\/wp-content\/uploads\/sites\/4\/iglesia-moldes-300x169.jpg 300w\" sizes=\"(max-width: 650px) 100vw, 650px\" \/>\t\t\t\t\t\t\t\t\t\t\t\t\t\t\t<\/div>\n\t\t\t\t<\/div>\n\t\t\t\t<div class=\"elementor-element elementor-element-86fb926 elementor-widget__width-initial elementor-widget elementor-widget-heading\" data-id=\"86fb926\" data-element_type=\"widget\" data-e-type=\"widget\" data-widget_type=\"heading.default\">\n\t\t\t\t<div class=\"elementor-widget-container\">\n\t\t\t\t\t<h6 class=\"elementor-heading-title elementor-size-default\">THE CHURCH OF MOLDES: 3.80 KILOMETERS<\/h6>\t\t\t\t<\/div>\n\t\t\t\t<\/div>\n\t\t\t\t<div class=\"elementor-element elementor-element-cf07e2c elementor-widget elementor-widget-text-editor\" data-id=\"cf07e2c\" data-element_type=\"widget\" data-e-type=\"widget\" data-widget_type=\"text-editor.default\">\n\t\t\t\t<div class=\"elementor-widget-container\">\n\t\t\t\t\t\t\t\t\t<p>It is a very interesting <strong>Romanesque church<\/strong> that underwent unfortunate renovations in the 19th century. It preserves interesting Romanesque elements attributed to the master Pelagio (dated around the year 1190). It also conserves two Romanesque doors. An interesting zoomorphic compendium (bestiary with representation of real and fantastic animals) appears on the main door.<\/p>\t\t\t\t\t\t\t\t<\/div>\n\t\t\t\t<\/div>\n\t\t\t\t<div class=\"elementor-element elementor-element-211d19e elementor-align-center elementor-widget elementor-widget-button\" data-id=\"211d19e\" data-element_type=\"widget\" data-e-type=\"widget\" data-widget_type=\"button.default\">\n\t\t\t\t<div class=\"elementor-widget-container\">\n\t\t\t\t\t\t\t\t\t<div class=\"elementor-button-wrapper\">\n\t\t\t\t\t<a class=\"elementor-button elementor-button-link elementor-size-sm\" href=\"https:\/\/www.google.com\/maps\/dir\/Hotel+Restaurante+Carlos+96,+Av.+Lugo,+119,+15800+Melide,+A+Coru%C3%B1a\/Igrexa+de+San+Marti%C3%B1o+de+Moldes,+15809+San+Mart%C3%AD%C3%B1o,+A+Coru%C3%B1a\/@42.8994718,-8.0340455,14z\/data=!3m1!4b1!4m14!4m13!1m5!1m1!1s0xd2e33229c870aa5:0x6c448512eedf8cad!2m2!1d-8.005112!2d42.912411!1m5!1m1!1s0xd2fccb7049d32d3:0x1a75a8ee07095542!2m2!1d-8.02798!2d42.8856976!3e0\" target=\"_blank\">\n\t\t\t\t\t\t<span class=\"elementor-button-content-wrapper\">\n\t\t\t\t\t\t\t\t\t<span class=\"elementor-button-text\">How to come<\/span>\n\t\t\t\t\t<\/span>\n\t\t\t\t\t<\/a>\n\t\t\t\t<\/div>\n\t\t\t\t\t\t\t\t<\/div>\n\t\t\t\t<\/div>\n\t\t\t\t<div class=\"elementor-element elementor-element-afba1be elementor-widget elementor-widget-image\" data-id=\"afba1be\" data-element_type=\"widget\" data-e-type=\"widget\" data-widget_type=\"image.default\">\n\t\t\t\t<div class=\"elementor-widget-container\">\n\t\t\t\t\t\t\t\t\t\t\t\t\t\t\t<img loading=\"lazy\" decoding=\"async\" width=\"800\" height=\"534\" src=\"https:\/\/hc96.com\/en\/wp-content\/uploads\/sites\/4\/melide-iglesia-santa-maria-interior-1024x683.jpg\" class=\"attachment-large size-large wp-image-283\" alt=\"Iglesia de Santa Maria en Melide\" srcset=\"https:\/\/hc96.com\/en\/wp-content\/uploads\/sites\/4\/melide-iglesia-santa-maria-interior-1024x683.jpg 1024w, https:\/\/hc96.com\/en\/wp-content\/uploads\/sites\/4\/melide-iglesia-santa-maria-interior-300x200.jpg 300w, https:\/\/hc96.com\/en\/wp-content\/uploads\/sites\/4\/melide-iglesia-santa-maria-interior-768x512.jpg 768w, https:\/\/hc96.com\/en\/wp-content\/uploads\/sites\/4\/melide-iglesia-santa-maria-interior-1536x1024.jpg 1536w, https:\/\/hc96.com\/en\/wp-content\/uploads\/sites\/4\/melide-iglesia-santa-maria-interior.jpg 1920w\" sizes=\"(max-width: 800px) 100vw, 800px\" \/>\t\t\t\t\t\t\t\t\t\t\t\t\t\t\t<\/div>\n\t\t\t\t<\/div>\n\t\t\t\t<div class=\"elementor-element elementor-element-284dede elementor-widget__width-initial elementor-widget elementor-widget-heading\" data-id=\"284dede\" data-element_type=\"widget\" data-e-type=\"widget\" data-widget_type=\"heading.default\">\n\t\t\t\t<div class=\"elementor-widget-container\">\n\t\t\t\t\t<h6 class=\"elementor-heading-title elementor-size-default\">THE CHURCH OF SANTA MAR\u00cdA OF MELIDE: 1 KILOMETER AWAY<\/h6>\t\t\t\t<\/div>\n\t\t\t\t<\/div>\n\t\t\t\t<div class=\"elementor-element elementor-element-910f5d8 elementor-widget elementor-widget-text-editor\" data-id=\"910f5d8\" data-element_type=\"widget\" data-e-type=\"widget\" data-widget_type=\"text-editor.default\">\n\t\t\t\t<div class=\"elementor-widget-container\">\n\t\t\t\t\t\t\t\t\t<p>A superb example of religious architecture from the 12th century, declared a National Monument for its artistic importance. Outside, the decoration of the apse and the two entrance doors, especially the west one, are of great interest. Inside, the important set of mural paintings from the 16th century in the Main Chapel stands out, as well as the Romanesque stone altar table, also polychromed in the 16th century. In the Plaza de Santa Mar\u00eda there is a stone cross from s. XVII.<\/p>\t\t\t\t\t\t\t\t<\/div>\n\t\t\t\t<\/div>\n\t\t\t\t<div class=\"elementor-element elementor-element-64f70fc elementor-align-center elementor-widget elementor-widget-button\" data-id=\"64f70fc\" data-element_type=\"widget\" data-e-type=\"widget\" data-widget_type=\"button.default\">\n\t\t\t\t<div class=\"elementor-widget-container\">\n\t\t\t\t\t\t\t\t\t<div class=\"elementor-button-wrapper\">\n\t\t\t\t\t<a class=\"elementor-button elementor-button-link elementor-size-sm\" href=\"https:\/\/www.google.com\/maps\/dir\/Hotel+Restaurante+Carlos+96,+Av.+Lugo,+119,+15800+Melide,+A+Coru%C3%B1a\/Igrexa+de+Santa+Mar%C3%ADa+de+Melide,+Sta.+Mar%C3%ADa,+24,+15809+Melide,+A+Coru%C3%B1a\/@42.9125481,-8.0239884,15z\/data=!3m1!4b1!4m14!4m13!1m5!1m1!1s0xd2e33229c870aa5:0x6c448512eedf8cad!2m2!1d-8.005112!2d42.912411!1m5!1m1!1s0xd2e3317b2c35691:0x15c4bde27690a6b7!2m2!1d-8.0253532!2d42.9114693!3e0\" target=\"_blank\">\n\t\t\t\t\t\t<span class=\"elementor-button-content-wrapper\">\n\t\t\t\t\t\t\t\t\t<span class=\"elementor-button-text\">How to come<\/span>\n\t\t\t\t\t<\/span>\n\t\t\t\t\t<\/a>\n\t\t\t\t<\/div>\n\t\t\t\t\t\t\t\t<\/div>\n\t\t\t\t<\/div>\n\t\t\t\t<div class=\"elementor-element elementor-element-e7bd0e6 elementor-widget elementor-widget-image\" data-id=\"e7bd0e6\" data-element_type=\"widget\" data-e-type=\"widget\" data-widget_type=\"image.default\">\n\t\t\t\t<div class=\"elementor-widget-container\">\n\t\t\t\t\t\t\t\t\t\t\t\t\t\t\t<img loading=\"lazy\" decoding=\"async\" width=\"650\" height=\"488\" src=\"https:\/\/hc96.com\/en\/wp-content\/uploads\/sites\/4\/menhir.jpg\" class=\"attachment-large size-large wp-image-337\" alt=\"Menhir en Melide, A Coru\u00f1a\" srcset=\"https:\/\/hc96.com\/en\/wp-content\/uploads\/sites\/4\/menhir.jpg 650w, https:\/\/hc96.com\/en\/wp-content\/uploads\/sites\/4\/menhir-300x225.jpg 300w\" sizes=\"(max-width: 650px) 100vw, 650px\" \/>\t\t\t\t\t\t\t\t\t\t\t\t\t\t\t<\/div>\n\t\t\t\t<\/div>\n\t\t\t\t<div class=\"elementor-element elementor-element-c1449b9 elementor-widget__width-initial elementor-widget elementor-widget-heading\" data-id=\"c1449b9\" data-element_type=\"widget\" data-e-type=\"widget\" data-widget_type=\"heading.default\">\n\t\t\t\t<div class=\"elementor-widget-container\">\n\t\t\t\t\t<h6 class=\"elementor-heading-title elementor-size-default\">THE CASAL OF MENHIR: 3.80 KILOMETERS<\/h6>\t\t\t\t<\/div>\n\t\t\t\t<\/div>\n\t\t\t\t<div class=\"elementor-element elementor-element-94ed5b5 elementor-widget elementor-widget-text-editor\" data-id=\"94ed5b5\" data-element_type=\"widget\" data-e-type=\"widget\" data-widget_type=\"text-editor.default\">\n\t\t\t\t<div class=\"elementor-widget-container\">\n\t\t\t\t\t\t\t\t\t<p>Possibly dated to the Neolithic. It is probably one of the largest menhirs in Galicia. It has the shape of an elongated almond, with symmetrical faces and a pointed vertex. It reaches an estimated height of about 5 m., of which 3.30 m. are visible, the lower part being buried.<\/p>\t\t\t\t\t\t\t\t<\/div>\n\t\t\t\t<\/div>\n\t\t\t\t<div class=\"elementor-element elementor-element-eb8e8fa elementor-align-center elementor-widget elementor-widget-button\" data-id=\"eb8e8fa\" data-element_type=\"widget\" data-e-type=\"widget\" data-widget_type=\"button.default\">\n\t\t\t\t<div class=\"elementor-widget-container\">\n\t\t\t\t\t\t\t\t\t<div class=\"elementor-button-wrapper\">\n\t\t\t\t\t<a class=\"elementor-button elementor-button-link elementor-size-sm\" href=\"https:\/\/www.google.com\/maps\/dir\/Hotel+Restaurante+Carlos+96,+Av.+Lugo,+119,+15800+Melide,+A+Coru%C3%B1a\/Pedrafita+do+Casal+(Menhir),+VXX4%2BGV,+15809+Montecelo,+A+Coru%C3%B1a\/@42.9064205,-8.0430398,14z\/data=!3m1!4b1!4m14!4m13!1m5!1m1!1s0xd2e33229c870aa5:0x6c448512eedf8cad!2m2!1d-8.005112!2d42.912411!1m5!1m1!1s0xd2e331334b79e81:0x6ed4b68d8e6a2507!2m2!1d-8.0427774!2d42.8988687!3e0\" target=\"_blank\">\n\t\t\t\t\t\t<span class=\"elementor-button-content-wrapper\">\n\t\t\t\t\t\t\t\t\t<span class=\"elementor-button-text\">How to come<\/span>\n\t\t\t\t\t<\/span>\n\t\t\t\t\t<\/a>\n\t\t\t\t<\/div>\n\t\t\t\t\t\t\t\t<\/div>\n\t\t\t\t<\/div>\n\t\t\t\t<div class=\"elementor-element elementor-element-3b3a033 elementor-widget elementor-widget-image\" data-id=\"3b3a033\" data-element_type=\"widget\" data-e-type=\"widget\" data-widget_type=\"image.default\">\n\t\t\t\t<div class=\"elementor-widget-container\">\n\t\t\t\t\t\t\t\t\t\t\t\t\t\t\t<img loading=\"lazy\" decoding=\"async\" width=\"650\" height=\"366\" src=\"https:\/\/hc96.com\/en\/wp-content\/uploads\/sites\/4\/iglesia-vitiriz.jpg\" class=\"attachment-large size-large wp-image-336\" alt=\"Iglesia Vitiriz en Melide, A Coru\u00f1a\" srcset=\"https:\/\/hc96.com\/en\/wp-content\/uploads\/sites\/4\/iglesia-vitiriz.jpg 650w, https:\/\/hc96.com\/en\/wp-content\/uploads\/sites\/4\/iglesia-vitiriz-300x169.jpg 300w\" sizes=\"(max-width: 650px) 100vw, 650px\" \/>\t\t\t\t\t\t\t\t\t\t\t\t\t\t\t<\/div>\n\t\t\t\t<\/div>\n\t\t\t\t<div class=\"elementor-element elementor-element-e952961 elementor-widget__width-initial elementor-widget elementor-widget-heading\" data-id=\"e952961\" data-element_type=\"widget\" data-e-type=\"widget\" data-widget_type=\"heading.default\">\n\t\t\t\t<div class=\"elementor-widget-container\">\n\t\t\t\t\t<h6 class=\"elementor-heading-title elementor-size-default\">THE VITIRIZ CHURCH: 5.15 KILOMETERS<\/h6>\t\t\t\t<\/div>\n\t\t\t\t<\/div>\n\t\t\t\t<div class=\"elementor-element elementor-element-352dcc5 elementor-widget elementor-widget-text-editor\" data-id=\"352dcc5\" data-element_type=\"widget\" data-e-type=\"widget\" data-widget_type=\"text-editor.default\">\n\t\t\t\t<div class=\"elementor-widget-container\">\n\t\t\t\t\t\t\t\t\t<p>Dated to the end of the 13th century and the beginning of the 14th. The Virgin of Rocamador is venerated in it. A total of forty-four corbels with geometric, floral, anthropomorphic and zoomorphic decoration stand out on the eaves of the north and south sides. The highlight of the complex is a magnificent rose window located in the front of the nave, profusely decorated.<\/p>\t\t\t\t\t\t\t\t<\/div>\n\t\t\t\t<\/div>\n\t\t\t\t<div class=\"elementor-element elementor-element-ce10a06 elementor-align-center elementor-widget elementor-widget-button\" data-id=\"ce10a06\" data-element_type=\"widget\" data-e-type=\"widget\" data-widget_type=\"button.default\">\n\t\t\t\t<div class=\"elementor-widget-container\">\n\t\t\t\t\t\t\t\t\t<div class=\"elementor-button-wrapper\">\n\t\t\t\t\t<a class=\"elementor-button elementor-button-link elementor-size-sm\" href=\"https:\/\/www.google.com\/maps\/dir\/Hotel+Restaurante+Carlos+96,+Av.+Lugo,+119,+15800+Melide,+A+Coru%C3%B1a\/Igrexa+de+San+Vicenzo+de+Vitiriz,+15805+Rocamador,+A+Coru%C3%B1a\/@42.9165018,-8.0557396,14z\/data=!3m1!4b1!4m14!4m13!1m5!1m1!1s0xd2e33229c870aa5:0x6c448512eedf8cad!2m2!1d-8.005112!2d42.912411!1m5!1m1!1s0xd2e34f2c26e78f5:0xae1aec560aef73ba!2m2!1d-8.0696341!2d42.9208973!3e0\" target=\"_blank\">\n\t\t\t\t\t\t<span class=\"elementor-button-content-wrapper\">\n\t\t\t\t\t\t\t\t\t<span class=\"elementor-button-text\">How to come<\/span>\n\t\t\t\t\t<\/span>\n\t\t\t\t\t<\/a>\n\t\t\t\t<\/div>\n\t\t\t\t\t\t\t\t<\/div>\n\t\t\t\t<\/div>\n\t\t\t\t\t<\/div>\n\t\t<\/div>\n\t\t\t\t\t<\/div>\n\t\t<\/section>\n\t\t\t\t<\/div>\n\t\t","protected":false},"excerpt":{"rendered":"<p>[av_calendar id=1] MELIDE, A CORU\u00d1A Much to see Emblematic monuments such as our Cruceiro (considered the oldest in Galicia), or the Menhir del Casal (one of the largest preserved in Galicia). The town of Melide stands out for the elaboration of artisan sweets with a deep tradition: \u00a0Ricos, Melindres and Almendrados, three sweets made by [&hellip;]<\/p>\n","protected":false},"author":1,"featured_media":0,"parent":0,"menu_order":0,"comment_status":"closed","ping_status":"closed","template":"elementor_header_footer","meta":{"footnotes":""},"class_list":["post-333","page","type-page","status-publish","hentry"],"aioseo_notices":[],"_links":{"self":[{"href":"https:\/\/hc96.com\/en\/wp-json\/wp\/v2\/pages\/333","targetHints":{"allow":["GET"]}}],"collection":[{"href":"https:\/\/hc96.com\/en\/wp-json\/wp\/v2\/pages"}],"about":[{"href":"https:\/\/hc96.com\/en\/wp-json\/wp\/v2\/types\/page"}],"author":[{"embeddable":true,"href":"https:\/\/hc96.com\/en\/wp-json\/wp\/v2\/users\/1"}],"replies":[{"embeddable":true,"href":"https:\/\/hc96.com\/en\/wp-json\/wp\/v2\/comments?post=333"}],"version-history":[{"count":42,"href":"https:\/\/hc96.com\/en\/wp-json\/wp\/v2\/pages\/333\/revisions"}],"predecessor-version":[{"id":607,"href":"https:\/\/hc96.com\/en\/wp-json\/wp\/v2\/pages\/333\/revisions\/607"}],"wp:attachment":[{"href":"https:\/\/hc96.com\/en\/wp-json\/wp\/v2\/media?parent=333"}],"curies":[{"name":"wp","href":"https:\/\/api.w.org\/{rel}","templated":true}]}}